{"id":68,"date":"2012-11-27T21:26:39","date_gmt":"2012-11-27T19:26:39","guid":{"rendered":"http:\/\/www.comunabocsa.ro\/?page_id=68"},"modified":"2013-04-18T12:59:59","modified_gmt":"2013-04-18T09:59:59","slug":"salajeni","status":"publish","type":"page","link":"https:\/\/www.comunabocsa.ro\/?page_id=68","title":{"rendered":"Salajeni"},"content":{"rendered":"<p>S\u0103l\u0103jeni este un sat \u00een comuna Boc\u0219a, S\u0103laj, Transilvania, Rom\u00e2nia. Localitatea este situat\u0103 pe malul drept al V\u0103ii Zal\u0103ului.<\/p>\n<table cellspacing=\"0\">\n<tbody>\n<tr>\n<th colspan=\"2\">Coordonate:\u00a0<a title=\"Coordonate geografice\" href=\"http:\/\/ro.wikipedia.org\/wiki\/Coordonate_geografice\">Coordonate:<\/a>\u00a0<img decoding=\"async\" title=\"arat\u0103 loca\u021bia pe o hart\u0103 interactiv\u0103\" alt=\"\" src=\"http:\/\/upload.wikimedia.org\/wikipedia\/commons\/thumb\/9\/9a\/Erioll_world.svg\/18px-Erioll_world.svg.png\" \/><a href=\"http:\/\/toolserver.org\/~geohack\/geohack.php?pagename=S%C4%83l%C4%83jeni,_S%C4%83laj&amp;params=47_19_13_N_22_54_19_E_type:city&amp;language=ro\" rel=\"nofollow\">47\u00b019\u203213\u2033N\u00a022\u00b054\u203219\u2033E<\/a><a href=\"http:\/\/toolserver.org\/~geohack\/geohack.php?pagename=S%C4%83l%C4%83jeni,_S%C4%83laj&amp;params=47_19_13_N_22_54_19_E_type:city&amp;language=ro\" rel=\"nofollow\">47\u00b019\u203213\u2033N\u00a022\u00b054\u203219\u2033E<\/a><\/th>\n<\/tr>\n<tr>\n<td colspan=\"2\">\n<hr \/>\n<\/td>\n<\/tr>\n<tr>\n<th><a title=\"\u021a\u0103rile lumii\" href=\"http:\/\/ro.wikipedia.org\/wiki\/%C8%9A%C4%83rile_lumii\">\u021aar\u0103<\/a><\/th>\n<th><img loading=\"lazy\" decoding=\"async\" alt=\"\" src=\"http:\/\/upload.wikimedia.org\/wikipedia\/commons\/thumb\/7\/73\/Flag_of_Romania.svg\/22px-Flag_of_Romania.svg.png\" width=\"22\" height=\"15\" \/>\u00a0<a title=\"Rom\u00e2nia\" href=\"http:\/\/ro.wikipedia.org\/wiki\/Rom%C3%A2nia\">Rom\u00e2nia<\/a><\/th>\n<\/tr>\n<tr>\n<th><a title=\"Jude\u021bele Rom\u00e2niei\" href=\"http:\/\/ro.wikipedia.org\/wiki\/Jude%C8%9Bele_Rom%C3%A2niei\">Jude\u021b<\/a><\/th>\n<th><a href=\"http:\/\/ro.wikipedia.org\/wiki\/Fi%C8%99ier:Actual_Salaj_county_CoA.png\"><img loading=\"lazy\" decoding=\"async\" alt=\"Actual Salaj county CoA.png\" src=\"http:\/\/upload.wikimedia.org\/wikipedia\/commons\/thumb\/2\/29\/Actual_Salaj_county_CoA.png\/20px-Actual_Salaj_county_CoA.png\" width=\"20\" height=\"22\" \/><\/a>\u00a0<a title=\"Jude\u021bul S\u0103laj\" href=\"http:\/\/ro.wikipedia.org\/wiki\/Jude%C8%9Bul_S%C4%83laj\">S\u0103laj<\/a><\/th>\n<\/tr>\n<tr>\n<th><a title=\"Comunele Rom\u00e2niei\" href=\"http:\/\/ro.wikipedia.org\/wiki\/Comunele_Rom%C3%A2niei\">Comun\u0103<\/a><\/th>\n<th><a title=\"Comuna Boc\u0219a, S\u0103laj\" href=\"http:\/\/ro.wikipedia.org\/wiki\/Comuna_Boc%C8%99a,_S%C4%83laj\">Boc\u0219a<\/a><\/th>\n<\/tr>\n<tr>\n<th>Atestare documentar\u0103<\/th>\n<td><a title=\"1430\" href=\"http:\/\/ro.wikipedia.org\/wiki\/1430\">1430<\/a><\/td>\n<\/tr>\n<tr>\n<td colspan=\"2\">\n<hr \/>\n<\/td>\n<\/tr>\n<tr>\n<td><strong><a title=\"Altitudine\" href=\"http:\/\/ro.wikipedia.org\/wiki\/Altitudine\">Altitudine<\/a><\/strong><\/td>\n<td>179<sup id=\"cite_ref-1\"><a href=\"http:\/\/ro.wikipedia.org\/wiki\/S%C4%83l%C4%83jeni,_S%C4%83laj#cite_note-1\">[1]<\/a><\/sup>\u00a0<a title=\"Nivelul m\u0103rii\" href=\"http:\/\/ro.wikipedia.org\/wiki\/Nivelul_m%C4%83rii\">m.d.m.<\/a><\/td>\n<\/tr>\n<tr>\n<td colspan=\"2\">\n<hr \/>\n<\/td>\n<\/tr>\n<tr>\n<td colspan=\"2\"><strong>Popula\u021bie<\/strong>\u00a0(2002)<\/td>\n<\/tr>\n<tr>\n<th>\u00a0&#8211;\u00a0Total<\/th>\n<td>598 locuitori<\/td>\n<\/tr>\n<tr>\n<td colspan=\"2\">\n<hr \/>\n<\/td>\n<\/tr>\n<tr>\n<th><a title=\"Fus orar\" href=\"http:\/\/ro.wikipedia.org\/wiki\/Fus_orar\">Fus orar<\/a><\/th>\n<td><a title=\"Ora Europei de Est\" href=\"http:\/\/ro.wikipedia.org\/wiki\/Ora_Europei_de_Est\">EET<\/a>\u00a0(<a title=\"UTC+2\" href=\"http:\/\/ro.wikipedia.org\/wiki\/UTC%2B2\">UTC+2<\/a>)<\/td>\n<\/tr>\n<tr>\n<th>\u00a0&#8211;\u00a0Ora de var\u0103\u00a0(<a title=\"Ora de var\u0103\" href=\"http:\/\/ro.wikipedia.org\/wiki\/Ora_de_var%C4%83\">DST<\/a>)<\/th>\n<td><a title=\"EEST\" href=\"http:\/\/ro.wikipedia.org\/wiki\/EEST\">EEST<\/a>\u00a0(<a title=\"UTC+3\" href=\"http:\/\/ro.wikipedia.org\/wiki\/UTC%2B3\">UTC+3<\/a>)<\/td>\n<\/tr>\n<tr>\n<th><a title=\"Cod po\u0219tal\" href=\"http:\/\/ro.wikipedia.org\/wiki\/Cod_po%C8%99tal\">Cod po\u0219tal<\/a><\/th>\n<td>457048<\/td>\n<\/tr>\n<tr>\n<th>Prefix telefonic<\/th>\n<td><a title=\"Lista prefixelor telefonice (Rom\u00e2nia)\" href=\"http:\/\/ro.wikipedia.org\/wiki\/Lista_prefixelor_telefonice_(Rom%C3%A2nia)\">+40 x60<\/a><sup id=\"cite_ref-2\"><a href=\"http:\/\/ro.wikipedia.org\/wiki\/S%C4%83l%C4%83jeni,_S%C4%83laj#cite_note-2\">[2]<\/a><\/sup><\/td>\n<\/tr>\n<\/tbody>\n<\/table>\n<p>Localitatea S\u0103l\u0103jeni a fost atestat\u0103 documentar \u00een jurul anului 1430, sub denumirea de Curitau (Equriteu).<br \/>\n\u00cenaintea anului 1895, localitatea avea hotarele sub urm\u01cetoarele denumiri care se mai p\u01cestreaz\u01ce \u0219i azi: Sub Puste, \u00eentre Coaste, Cornet, la Puturoasa, Dupa Fogedeu, La Pun\u021bi, La Poi\u0103\u021bi, la Aric, La R\u0103stoac\u0103, Preste Vale, Dimburele, P\u0103durici, la Hotare, Pe V\u0103lcea, Sub Pruni, P\u0103durea Rar\u0103, P\u0103durea Deas\u0103, Puste, Hediu\u021b, \u00centre P\u0103rae, F\u0103nt\u0103na Satului,Tisieu, etc&#8230;<\/p>\n<p><strong>L\u0103ca\u0219uri de cult<\/strong><\/p>\n<p>Biserica de lemn din Sighetu Silvaniei se afl\u0103 \u00een localitatea omonim\u0103. Dup\u0103 istoricului Petri M\u00f3r biserica ar data din 1632 \u0219i conform tradi\u021biei ar fi adus\u0103 din satul S\u0103l\u0103jeni.[3] Biserica se afl\u0103 pe noua list\u0103 a monumentelor istorice sub codul LMI: SJ-II-m-B-05113.<br \/>\nBiserica de lemn (ini\u021bial construit\u0103 \u00een localitatea \u00eenvecinat\u0103, Sighetul Silvaniei), a fost str\u0103mutat\u0103 \u00een localitatea S\u0103l\u0103jeni. Biserica a fost edificat\u0103 la 1632, dar anul este nesigur (probabil pe la 1800). Tradi\u021bia oral\u0103 afirm\u0103 c\u0103 ar fi fost ridicat\u0103 de pe funda\u021bie, pus\u0103 pe t\u0103lpi de lemn \u0219i tras\u0103 cu mai multe perechi de boi, in timpul iernii.<br \/>\nActuala biseric\u0103 din localitate a fost construit\u0103 \u00eentre anii 1923-1926, apar\u021bin\u00e2nd cultului greco-catolic, p\u00e2n\u01ce \u00een anul 1948 c\u00e2nd a fost confiscat\u0103 de regimul comunist \u0219i dat\u0103 Bisericii Ortodoxe Romane, \u00een posesia c\u01cereia se afl\u01ce \u0219i \u00een prezent.<\/p>\n<p><strong>Obiective memoriale<\/strong><\/p>\n<p>Cimitirul Eroilor Rom\u00e2ni din cel De-al Doilea R\u0103zboi Mondial este amplasat \u00een curtea bisericii. Are o suprafa\u021b\u0103 de 144 mp. A fost amenajat \u00een 1944. \u00cen cadrul acestuia sunt \u00eenhuma\u021bi 25 de militari rom\u00e2ni.<br \/>\n\u00cen S\u01cel\u01cejeni, exist\u01ce \u0219i un cimitir evreiesc, ce avea un num\u0103r de aproximativ 20 de morminte de piatr\u0103.<\/p>\n<p><strong>Personalit\u0103\u021bi<\/strong><\/p>\n<p>Nicolae Hendea<\/p>\n<p>Galerie foto Cimitirul Eroilor Salajeni <a href=\"http:\/\/www.comunabocsa.ro\/?page_id=227\">click aici<\/a><\/p>\n","protected":false},"excerpt":{"rendered":"<p>S\u0103l\u0103jeni este un sat \u00een comuna Boc\u0219a, S\u0103laj, Transilvania, Rom\u00e2nia. Localitatea este situat\u0103 pe malul drept al V\u0103ii Zal\u0103ului. Coordonate:\u00a0Coordonate:\u00a047\u00b019\u203213\u2033N\u00a022\u00b054\u203219\u2033E47\u00b019\u203213\u2033N\u00a022\u00b054\u203219\u2033E \u021aar\u0103 \u00a0Rom\u00e2nia Jude\u021b \u00a0S\u0103laj Comun\u0103 Boc\u0219a Atestare documentar\u0103 1430 Altitudine&hellip;<\/p>\n","protected":false},"author":1,"featured_media":0,"parent":53,"menu_order":3,"comment_status":"closed","ping_status":"closed","template":"","meta":{"ngg_post_thumbnail":0,"footnotes":""},"class_list":["post-68","page","type-page","status-publish","hentry"],"_links":{"self":[{"href":"https:\/\/www.comunabocsa.ro\/index.php?rest_route=\/wp\/v2\/pages\/68","targetHints":{"allow":["GET"]}}],"collection":[{"href":"https:\/\/www.comunabocsa.ro\/index.php?rest_route=\/wp\/v2\/pages"}],"about":[{"href":"https:\/\/www.comunabocsa.ro\/index.php?rest_route=\/wp\/v2\/types\/page"}],"author":[{"embeddable":true,"href":"https:\/\/www.comunabocsa.ro\/index.php?rest_route=\/wp\/v2\/users\/1"}],"replies":[{"embeddable":true,"href":"https:\/\/www.comunabocsa.ro\/index.php?rest_route=%2Fwp%2Fv2%2Fcomments&post=68"}],"version-history":[{"count":4,"href":"https:\/\/www.comunabocsa.ro\/index.php?rest_route=\/wp\/v2\/pages\/68\/revisions"}],"predecessor-version":[{"id":247,"href":"https:\/\/www.comunabocsa.ro\/index.php?rest_route=\/wp\/v2\/pages\/68\/revisions\/247"}],"up":[{"embeddable":true,"href":"https:\/\/www.comunabocsa.ro\/index.php?rest_route=\/wp\/v2\/pages\/53"}],"wp:attachment":[{"href":"https:\/\/www.comunabocsa.ro\/index.php?rest_route=%2Fwp%2Fv2%2Fmedia&parent=68"}],"curies":[{"name":"wp","href":"https:\/\/api.w.org\/{rel}","templated":true}]}}